{"id":80506,"date":"2025-05-26T09:42:25","date_gmt":"2025-05-26T09:42:25","guid":{"rendered":"https:\/\/www.nordik.house\/event\/nordik-house-luce-di-mezza-estate\/"},"modified":"2025-05-28T13:21:25","modified_gmt":"2025-05-28T13:21:25","slug":"nordik-house-luce-di-mezza-estate","status":"publish","type":"tribe_events","link":"https:\/\/www.nordik.house\/it\/event\/nordik-house-luce-di-mezza-estate\/","title":{"rendered":"NORDIK.HOUSE Midsummer Light"},"content":{"rendered":"<p><strong>NORDIK.HOUSE Midsummer Light \u2013 Concerto &amp; Aperitivo con Annika Ihalainen<\/strong><\/p>\n<p><em>Un invito a celebrare la luce dell\u2019estate attraverso la musica.<\/em><\/p>\n<p>Annika Ihalainen \u00e8 una cantautrice finlandese originaria di Helsinki, dalla voce luminosa e profonda. In questo concerto speciale, ispirato alla luce nordica d\u2019estate, eterea e senza fine, Annika intreccia voce e pianoforte in un viaggio musicale intimo e toccante. Le sue canzoni nascono dal cuore, esplorano le sfumature dell\u2019animo umano e aprono uno spazio in cui l\u2019ascoltatore pu\u00f2 riconnettersi con s\u00e9 stesso. Con autenticit\u00e0 e delicatezza, Annika trasmette emozione e una dimensione interiore che accarezza l\u2019anima.<\/p>\n<p>Midsummer Light non \u00e8 solo un concerto: \u00e8 un invito ad aprirsi alla bellezza, alla luce e alla presenza, condividendo anche un aperitivo nordico in un\u2019atmosfera calda e conviviale.<\/p>\n<p>Oltre alla musica meravigliosa di Annika Ihalainen c&#8217;\u00e8 la possibilit\u00e0 di immergere nelle atmosfere nordiche con la mostra di Sabine Blomqvist con la sua selezione di opere ispirate alla natura finlandese.<\/p>\n<p>Vieni a passare una serata in stile nordico da NORDIK.HOUSE per festeggiare le notti bianche. Fine giugno \u00e8 il periodo in cui i nordici celebrano la mezza estate e il sole di mezzanotte. Dopo un inverno lungo e buio il sole crea un&#8217;euforia particolare che si trova solo al Nord. Noi festeggieremo l&#8217;occasione con un aperitivo di spritz nordico con mirtillo rosso e stuzzichini golosi rigorosamente nordici.<\/p>\n<p>Costo 15 euro\/persona + Eventbrite fee. Aperitivo incluso.<\/p>\n<p>La prenotazione \u00e8 obbligatoria. Posti limitati.<\/p>\n","protected":false},"excerpt":{"rendered":"<p>NORDIK.HOUSE Midsummer Light \u2013 Concerto &amp; Aperitivo con Annika Ihalainen Un invito a celebrare la luce dell\u2019estate attraverso la musica. Annika Ihalainen \u00e8 una cantautrice finlandese originaria di Helsinki, dalla [&hellip;]<\/p>\n","protected":false},"author":6,"featured_media":80280,"template":"","meta":{"_monsterinsights_skip_tracking":false,"_monsterinsights_sitenote_active":false,"_monsterinsights_sitenote_note":"","_monsterinsights_sitenote_category":0,"_price":"","_stock":"","_tribe_ticket_header":"","_tribe_default_ticket_provider":"","_tribe_ticket_capacity":"0","_ticket_start_date":"","_ticket_end_date":"","_tribe_ticket_show_description":"","_tribe_ticket_show_not_going":false,"_tribe_ticket_use_global_stock":"","_tribe_ticket_global_stock_level":"","_global_stock_mode":"","_global_stock_cap":"","_tribe_rsvp_for_event":"","_tribe_ticket_going_count":"","_tribe_ticket_not_going_count":"","_tribe_tickets_list":"[]","_tribe_ticket_has_attendee_info_fields":false,"_tribe_events_status":"","_tribe_events_status_reason":"","_tribe_events_is_hybrid":"","_tribe_events_is_virtual":"","_tribe_events_virtual_video_source":"","_tribe_events_virtual_embed_video":"","_tribe_events_virtual_linked_button_text":"","_tribe_events_virtual_linked_button":"","_tribe_events_virtual_show_embed_at":"","_tribe_events_virtual_show_embed_to":[],"_tribe_events_virtual_show_on_event":"","_tribe_events_virtual_show_on_views":"","_tribe_events_virtual_url":"","footnotes":"","_tec_slr_enabled":"","_tec_slr_layout":""},"tags":[],"tribe_events_cat":[],"class_list":["post-80506","tribe_events","type-tribe_events","status-publish","has-post-thumbnail","hentry"],"yoast_head":"<!-- This site is optimized with the Yoast SEO plugin v26.3 - https:\/\/yoast.com\/wordpress\/plugins\/seo\/ -->\n<title>NORDIK.HOUSE Midsummer Light - Nordik.house<\/title>\n<meta name=\"description\" content=\"Un invito a celebrare la luce dell&#039;estate attraverso la musica. Midsummer Light non \u00e8 solo un concerto: \u00e8 un invito ad aprirsi alla bellezza, alla luce e alla presenza, condividendo anche un aperitivo nordico in un\u201d atmosfera calda e conviviale.\" \/>\n<meta name=\"robots\" content=\"index, follow, max-snippet:-1, max-image-preview:large, max-video-preview:-1\" \/>\n<link rel=\"canonical\" href=\"https:\/\/www.nordik.house\/it\/event\/nordik-house-luce-di-mezza-estate\/\" \/>\n<meta property=\"og:locale\" content=\"it_IT\" \/>\n<meta property=\"og:type\" content=\"article\" \/>\n<meta property=\"og:title\" content=\"NORDIK.HOUSE Midsummer Light - Nordik.house\" \/>\n<meta property=\"og:description\" content=\"Un invito a celebrare la luce dell&#039;estate attraverso la musica. Midsummer Light non \u00e8 solo un concerto: \u00e8 un invito ad aprirsi alla bellezza, alla luce e alla presenza, condividendo anche un aperitivo nordico in un\u201d atmosfera calda e conviviale.\" \/>\n<meta property=\"og:url\" content=\"https:\/\/www.nordik.house\/it\/event\/nordik-house-luce-di-mezza-estate\/\" \/>\n<meta property=\"og:site_name\" content=\"Nordik.house\" \/>\n<meta property=\"article:modified_time\" content=\"2025-05-28T13:21:25+00:00\" \/>\n<meta property=\"og:image\" content=\"https:\/\/www.nordik.house\/wp-content\/uploads\/2024\/08\/Nordic-House-variant-logo-2-color.png\" \/>\n\t<meta property=\"og:image:width\" content=\"1739\" \/>\n\t<meta property=\"og:image:height\" content=\"1786\" \/>\n\t<meta property=\"og:image:type\" content=\"image\/png\" \/>\n<meta name=\"twitter:card\" content=\"summary_large_image\" \/>\n<meta name=\"twitter:label1\" content=\"Tempo di lettura stimato\" \/>\n\t<meta name=\"twitter:data1\" content=\"2 minuti\" \/>\n<script type=\"application\/ld+json\" class=\"yoast-schema-graph\">{\"@context\":\"https:\/\/schema.org\",\"@graph\":[{\"@type\":\"WebPage\",\"@id\":\"https:\/\/www.nordik.house\/it\/event\/nordik-house-luce-di-mezza-estate\/\",\"url\":\"https:\/\/www.nordik.house\/it\/event\/nordik-house-luce-di-mezza-estate\/\",\"name\":\"NORDIK.HOUSE Midsummer Light - Nordik.house\",\"isPartOf\":{\"@id\":\"https:\/\/www.nordik.house\/it\/#website\"},\"primaryImageOfPage\":{\"@id\":\"https:\/\/www.nordik.house\/it\/event\/nordik-house-luce-di-mezza-estate\/#primaryimage\"},\"image\":{\"@id\":\"https:\/\/www.nordik.house\/it\/event\/nordik-house-luce-di-mezza-estate\/#primaryimage\"},\"thumbnailUrl\":\"https:\/\/www.nordik.house\/wp-content\/uploads\/2025\/05\/midsummer-light.avif\",\"datePublished\":\"2025-05-26T09:42:25+00:00\",\"dateModified\":\"2025-05-28T13:21:25+00:00\",\"description\":\"Un invito a celebrare la luce dell'estate attraverso la musica. Midsummer Light non \u00e8 solo un concerto: \u00e8 un invito ad aprirsi alla bellezza, alla luce e alla presenza, condividendo anche un aperitivo nordico in un\u201d atmosfera calda e conviviale.\",\"breadcrumb\":{\"@id\":\"https:\/\/www.nordik.house\/it\/event\/nordik-house-luce-di-mezza-estate\/#breadcrumb\"},\"inLanguage\":\"it-IT\",\"potentialAction\":[{\"@type\":\"ReadAction\",\"target\":[\"https:\/\/www.nordik.house\/it\/event\/nordik-house-luce-di-mezza-estate\/\"]}]},{\"@type\":\"ImageObject\",\"inLanguage\":\"it-IT\",\"@id\":\"https:\/\/www.nordik.house\/it\/event\/nordik-house-luce-di-mezza-estate\/#primaryimage\",\"url\":\"https:\/\/www.nordik.house\/wp-content\/uploads\/2025\/05\/midsummer-light.avif\",\"contentUrl\":\"https:\/\/www.nordik.house\/wp-content\/uploads\/2025\/05\/midsummer-light.avif\",\"width\":940,\"height\":696},{\"@type\":\"BreadcrumbList\",\"@id\":\"https:\/\/www.nordik.house\/it\/event\/nordik-house-luce-di-mezza-estate\/#breadcrumb\",\"itemListElement\":[{\"@type\":\"ListItem\",\"position\":1,\"name\":\"Home\",\"item\":\"https:\/\/www.nordik.house\/it\/\"},{\"@type\":\"ListItem\",\"position\":2,\"name\":\"Eventi\",\"item\":\"https:\/\/www.nordik.house\/it\/upcoming-events-calendar-it\/\"},{\"@type\":\"ListItem\",\"position\":3,\"name\":\"NORDIK.HOUSE Midsummer Light\"}]},{\"@type\":\"WebSite\",\"@id\":\"https:\/\/www.nordik.house\/it\/#website\",\"url\":\"https:\/\/www.nordik.house\/it\/\",\"name\":\"Nordik.house\",\"description\":\"NORDIK.HOUSE \/ Food, Lifestyle, Travel \/ Nordic POP-UP Store Milano\",\"publisher\":{\"@id\":\"https:\/\/www.nordik.house\/it\/#organization\"},\"alternateName\":\"NORDIK.HOUSE \/ Food, Lifestyle, Travel \/ Nordic POP-UP Store Milano\",\"potentialAction\":[{\"@type\":\"SearchAction\",\"target\":{\"@type\":\"EntryPoint\",\"urlTemplate\":\"https:\/\/www.nordik.house\/it\/?s={search_term_string}\"},\"query-input\":{\"@type\":\"PropertyValueSpecification\",\"valueRequired\":true,\"valueName\":\"search_term_string\"}}],\"inLanguage\":\"it-IT\"},{\"@type\":\"Organization\",\"@id\":\"https:\/\/www.nordik.house\/it\/#organization\",\"name\":\"NORDIK.HOUSE\",\"alternateName\":\"NORDIK.HOUSE \/ Food, Lifestyle, Travel \/ Nordic POP-UP Store Milano\",\"url\":\"https:\/\/www.nordik.house\/it\/\",\"logo\":{\"@type\":\"ImageObject\",\"inLanguage\":\"it-IT\",\"@id\":\"https:\/\/www.nordik.house\/it\/#\/schema\/logo\/image\/\",\"url\":\"https:\/\/www.nordik.house\/wp-content\/uploads\/2024\/08\/Nordic-House-variant-logo-2-color.png\",\"contentUrl\":\"https:\/\/www.nordik.house\/wp-content\/uploads\/2024\/08\/Nordic-House-variant-logo-2-color.png\",\"width\":1739,\"height\":1786,\"caption\":\"NORDIK.HOUSE\"},\"image\":{\"@id\":\"https:\/\/www.nordik.house\/it\/#\/schema\/logo\/image\/\"}}]}<\/script>\n<!-- \/ Yoast SEO plugin. -->","yoast_head_json":{"title":"NORDIK.HOUSE Midsummer Light - Nordik.house","description":"Un invito a celebrare la luce dell'estate attraverso la musica. Midsummer Light non \u00e8 solo un concerto: \u00e8 un invito ad aprirsi alla bellezza, alla luce e alla presenza, condividendo anche un aperitivo nordico in un\u201d atmosfera calda e conviviale.","robots":{"index":"index","follow":"follow","max-snippet":"max-snippet:-1","max-image-preview":"max-image-preview:large","max-video-preview":"max-video-preview:-1"},"canonical":"https:\/\/www.nordik.house\/it\/event\/nordik-house-luce-di-mezza-estate\/","og_locale":"it_IT","og_type":"article","og_title":"NORDIK.HOUSE Midsummer Light - Nordik.house","og_description":"Un invito a celebrare la luce dell'estate attraverso la musica. Midsummer Light non \u00e8 solo un concerto: \u00e8 un invito ad aprirsi alla bellezza, alla luce e alla presenza, condividendo anche un aperitivo nordico in un\u201d atmosfera calda e conviviale.","og_url":"https:\/\/www.nordik.house\/it\/event\/nordik-house-luce-di-mezza-estate\/","og_site_name":"Nordik.house","article_modified_time":"2025-05-28T13:21:25+00:00","og_image":[{"width":1739,"height":1786,"url":"https:\/\/www.nordik.house\/wp-content\/uploads\/2024\/08\/Nordic-House-variant-logo-2-color.png","type":"image\/png"}],"twitter_card":"summary_large_image","twitter_misc":{"Tempo di lettura stimato":"2 minuti"},"schema":{"@context":"https:\/\/schema.org","@graph":[{"@type":"WebPage","@id":"https:\/\/www.nordik.house\/it\/event\/nordik-house-luce-di-mezza-estate\/","url":"https:\/\/www.nordik.house\/it\/event\/nordik-house-luce-di-mezza-estate\/","name":"NORDIK.HOUSE Midsummer Light - Nordik.house","isPartOf":{"@id":"https:\/\/www.nordik.house\/it\/#website"},"primaryImageOfPage":{"@id":"https:\/\/www.nordik.house\/it\/event\/nordik-house-luce-di-mezza-estate\/#primaryimage"},"image":{"@id":"https:\/\/www.nordik.house\/it\/event\/nordik-house-luce-di-mezza-estate\/#primaryimage"},"thumbnailUrl":"https:\/\/www.nordik.house\/wp-content\/uploads\/2025\/05\/midsummer-light.avif","datePublished":"2025-05-26T09:42:25+00:00","dateModified":"2025-05-28T13:21:25+00:00","description":"Un invito a celebrare la luce dell'estate attraverso la musica. Midsummer Light non \u00e8 solo un concerto: \u00e8 un invito ad aprirsi alla bellezza, alla luce e alla presenza, condividendo anche un aperitivo nordico in un\u201d atmosfera calda e conviviale.","breadcrumb":{"@id":"https:\/\/www.nordik.house\/it\/event\/nordik-house-luce-di-mezza-estate\/#breadcrumb"},"inLanguage":"it-IT","potentialAction":[{"@type":"ReadAction","target":["https:\/\/www.nordik.house\/it\/event\/nordik-house-luce-di-mezza-estate\/"]}]},{"@type":"ImageObject","inLanguage":"it-IT","@id":"https:\/\/www.nordik.house\/it\/event\/nordik-house-luce-di-mezza-estate\/#primaryimage","url":"https:\/\/www.nordik.house\/wp-content\/uploads\/2025\/05\/midsummer-light.avif","contentUrl":"https:\/\/www.nordik.house\/wp-content\/uploads\/2025\/05\/midsummer-light.avif","width":940,"height":696},{"@type":"BreadcrumbList","@id":"https:\/\/www.nordik.house\/it\/event\/nordik-house-luce-di-mezza-estate\/#breadcrumb","itemListElement":[{"@type":"ListItem","position":1,"name":"Home","item":"https:\/\/www.nordik.house\/it\/"},{"@type":"ListItem","position":2,"name":"Eventi","item":"https:\/\/www.nordik.house\/it\/upcoming-events-calendar-it\/"},{"@type":"ListItem","position":3,"name":"NORDIK.HOUSE Midsummer Light"}]},{"@type":"WebSite","@id":"https:\/\/www.nordik.house\/it\/#website","url":"https:\/\/www.nordik.house\/it\/","name":"Nordik.house","description":"NORDIK.HOUSE \/ Food, Lifestyle, Travel \/ Nordic POP-UP Store Milano","publisher":{"@id":"https:\/\/www.nordik.house\/it\/#organization"},"alternateName":"NORDIK.HOUSE \/ Food, Lifestyle, Travel \/ Nordic POP-UP Store Milano","potentialAction":[{"@type":"SearchAction","target":{"@type":"EntryPoint","urlTemplate":"https:\/\/www.nordik.house\/it\/?s={search_term_string}"},"query-input":{"@type":"PropertyValueSpecification","valueRequired":true,"valueName":"search_term_string"}}],"inLanguage":"it-IT"},{"@type":"Organization","@id":"https:\/\/www.nordik.house\/it\/#organization","name":"NORDIK.HOUSE","alternateName":"NORDIK.HOUSE \/ Food, Lifestyle, Travel \/ Nordic POP-UP Store Milano","url":"https:\/\/www.nordik.house\/it\/","logo":{"@type":"ImageObject","inLanguage":"it-IT","@id":"https:\/\/www.nordik.house\/it\/#\/schema\/logo\/image\/","url":"https:\/\/www.nordik.house\/wp-content\/uploads\/2024\/08\/Nordic-House-variant-logo-2-color.png","contentUrl":"https:\/\/www.nordik.house\/wp-content\/uploads\/2024\/08\/Nordic-House-variant-logo-2-color.png","width":1739,"height":1786,"caption":"NORDIK.HOUSE"},"image":{"@id":"https:\/\/www.nordik.house\/it\/#\/schema\/logo\/image\/"}}]}},"ticketed":false,"_links":{"self":[{"href":"https:\/\/www.nordik.house\/it\/wp-json\/wp\/v2\/tribe_events\/80506","targetHints":{"allow":["GET"]}}],"collection":[{"href":"https:\/\/www.nordik.house\/it\/wp-json\/wp\/v2\/tribe_events"}],"about":[{"href":"https:\/\/www.nordik.house\/it\/wp-json\/wp\/v2\/types\/tribe_events"}],"author":[{"embeddable":true,"href":"https:\/\/www.nordik.house\/it\/wp-json\/wp\/v2\/users\/6"}],"version-history":[{"count":0,"href":"https:\/\/www.nordik.house\/it\/wp-json\/wp\/v2\/tribe_events\/80506\/revisions"}],"wp:featuredmedia":[{"embeddable":true,"href":"https:\/\/www.nordik.house\/it\/wp-json\/wp\/v2\/media\/80280"}],"wp:attachment":[{"href":"https:\/\/www.nordik.house\/it\/wp-json\/wp\/v2\/media?parent=80506"}],"wp:term":[{"taxonomy":"post_tag","embeddable":true,"href":"https:\/\/www.nordik.house\/it\/wp-json\/wp\/v2\/tags?post=80506"},{"taxonomy":"tribe_events_cat","embeddable":true,"href":"https:\/\/www.nordik.house\/it\/wp-json\/wp\/v2\/tribe_events_cat?post=80506"}],"curies":[{"name":"wp","href":"https:\/\/api.w.org\/{rel}","templated":true}]}}